{"id":205,"date":"2022-08-29T15:28:24","date_gmt":"2022-08-29T19:28:24","guid":{"rendered":"https:\/\/pressbooks.library.torontomu.ca\/migrantlives\/?post_type=chapter&#038;p=205"},"modified":"2022-08-29T15:28:29","modified_gmt":"2022-08-29T19:28:29","slug":"lecon-6-journal-photo","status":"publish","type":"chapter","link":"https:\/\/pressbooks.library.torontomu.ca\/migrantlives\/chapter\/lecon-6-journal-photo\/","title":{"raw":"Le\u00e7on 6 :\u00a0Journal photo","rendered":"Le\u00e7on 6 :\u00a0Journal photo"},"content":{"raw":"<h1>Le\u00e7on 6 :\u00a0Journal photo<\/h1>\r\nLa pand\u00e9mie de Covid-19 a affect\u00e9 notre capacit\u00e9 \u00e0 voyager, \u00e0 travailler dans un bureau et \u00e0 assister en personne aux cours. Les mesures de confinement ont \u00e9t\u00e9 lev\u00e9es, pour \u00eatre \u00e0 nouveau r\u00e9tablies.\r\n\r\nNicol\u00f2, un Italien vivant \u00e0 Toronto, s'est retrouv\u00e9 \u00ab\u00a0coinc\u00e9\u00a0\u00bb au Canada lors du premier confinement li\u00e9 \u00e0 la Covid-19. Il n'a pas pu rentrer chez lui pour rester aupr\u00e8s de sa famille et de ses amis. Nicol\u00f2 a parl\u00e9 de l\u2019immense solitude ressentie face \u00e0 la contrainte de rester dans sa ville d'adoption.\r\n<div class=\"textbox shaded\">\r\n<ul>\r\n \t<li>D\u00e9finissez, en vos propres termes, la solitude. D\u00e9crivez un moment o\u00f9 vous avez vous-m\u00eame \u00e9prouv\u00e9 de la solitude.<\/li>\r\n \t<li>Quels conseils donneriez-vous \u00e0 une personne souffrant du mal du pays ?<\/li>\r\n<\/ul>\r\n<\/div>\r\n<strong>Journal photo<\/strong>\r\n\r\nAu cours des deux derni\u00e8res ann\u00e9es, les conseils scolaires, sur les conseils de leur autorit\u00e9 sanitaire locale, ont apport\u00e9 des modifications au fonctionnement quotidien des \u00e9coles. Les cohortes de classe et le port du masque font partie des nouvelles mesures adopt\u00e9es au nom de la s\u00e9curit\u00e9. En outre, de nombreux changements ont \u00e9t\u00e9 apport\u00e9s pour passer de l'apprentissage en milieu scolaire \u00e0 l'apprentissage \u00e0 distance. Bien \u00e9videmment ces mesures ont eu un impact consid\u00e9rable sur le quotidien et l\u2019\u00e9tat d\u2019esprit des \u00e9tudiants.\r\n\r\nL'objectif de ce travail est de partager votre point de vue sur la pand\u00e9mie de Covid-19 et sur la fa\u00e7on dont elle affecte votre sant\u00e9 ainsi que votre bien-\u00eatre mental et \u00e9motionnel. Nicol\u00f2 et son \u00e9quipe du restaurant Eataly ont assum\u00e9 diff\u00e9rents emplois et t\u00e2ches pour assurer la survie de l'entreprise. Par exemple, les cuisiniers \u00e0 la cha\u00eene ont d\u00fb sortir des cuisines pour s\u2019occuper de la paperasse dans le bureau. Il s'agissait d'un pivot n\u00e9cessaire pour assurer le succ\u00e8s continu et la survie future de l'entreprise.\r\n\r\nVotre t\u00e2che consiste \u00e0 capturer des moments qui d\u00e9finissent ce que vous ressentez. Photographiez des objets, des personnes, tout \u00e9l\u00e9ment qui capture votre \u00e9tat d\u2019\u00eatre et d\u2019esprit.\u00a0 Ces images peuvent \u00eatre prises \u00e0 l'\u00e9cole, chez vous et au sein de votre communaut\u00e9 locale. Chaque photo s\u2019accompagnera d\u2019une br\u00e8ve explication de la raison pour laquelle cet objet ou cette personne est significatif ou li\u00e9 d'une mani\u00e8re ou d'une autre \u00e0 votre bien-\u00eatre mental et \u00e9motionnel. En bref, c'est l'occasion de mieux comprendre comment votre routine s'est adapt\u00e9e ou a chang\u00e9 pendant la pand\u00e9mie. Un minimum de sept photos (une pour chaque jour de la semaine) est requis.\r\n\r\nIncluez 2 photos \u00e0 la fin de votre journal photo que, d\u2019apr\u00e8s vous, Nicolo aurait pu avoir prises. Accompagnez-les d\u2019une explication d\u00e9crivant pourquoi vous pensez que ces objets sont significatifs pour lui. \u00a0Un exemple est fourni ci-dessous.\r\n\r\nJournal photo\r\n<h3><img src=\"https:\/\/pressbooks.library.torontomu.ca\/migrantlives\/wp-content\/uploads\/sites\/361\/2022\/07\/unnamed-12-300x194.jpg\" alt=\"An alarm clock sitting on a wooden table.\" width=\"300\" height=\"194\" class=\"alignnone size-medium wp-image-94\" \/>Lundi 17 janvier<\/h3>\r\nLa routine : Je me l\u00e8ve beaucoup plus tard que d'habitude lors des p\u00e9riodes d'apprentissage en ligne.\u00a0 Faire la grasse matin\u00e9e, puisque je n'ai pas besoin de me pr\u00e9parer pour l'\u00e9cole, est l\u2019un des avantages du passage \u00e0 l\u2019apprentissage en ligne. Je peux \u00e9galement me coucher beaucoup plus tard que d'habitude. J'ai remarqu\u00e9 que je suis plus grincheux depuis que mes habitudes ont chang\u00e9.\u00a0 Mais ne le dites pas \u00e0 ma m\u00e8re.\r\n<h3><img src=\"https:\/\/pressbooks.library.torontomu.ca\/migrantlives\/wp-content\/uploads\/sites\/361\/2022\/07\/unnamed-13-300x179.jpg\" alt=\"A couch with a person lying on it with a blanket over their head.\" width=\"300\" height=\"179\" class=\"alignnone size-medium wp-image-97\" \/>Mardi 18 janvier<\/h3>\r\nLes micro-pauses :\u00a0 Il m\u2019arrive souvent de faire la sieste sur le canap\u00e9 \u00e0 la fin de la journ\u00e9e d'\u00e9cole. J\u2019ignore si c'est parce que je suis fatigu\u00e9e de regarder l'\u00e9cran toute la journ\u00e9e, parce que je suis un peu triste ou parce que j'ai besoin d'un temps de pause. Auparavant, je n\u2019avais pas pour habitude de faire la sieste. Mes amis et m\u00eame les professeurs me manquent. Je n'aurais jamais cru dire \u00e7a un jour ! Ce n\u2019est pas la m\u00eame chose quand on est \u00e0 la maison toute la journ\u00e9e. Les micro-siestes m'aident \u00e0 refaire le plein d'\u00e9nergie pour ne pas passer mes soir\u00e9es sur mon t\u00e9l\u00e9phone ou \u00e0 jouer \u00e0 des jeux vid\u00e9o. Je suis d\u00e9finitivement plus irritable sans ma sieste de l'apr\u00e8s-midi.\r\n<h3><img src=\"https:\/\/pressbooks.library.torontomu.ca\/migrantlives\/wp-content\/uploads\/sites\/361\/2022\/07\/unnamed-14-300x200.jpg\" alt=\"A city park with a sign.\" width=\"300\" height=\"200\" class=\"alignnone size-medium wp-image-96\" \/>Mercredi 19 janvier<\/h3>\r\nLe parc : Pour de nombreuses raisons, je ne vais pas chez mes amis. \u00c0 la place, on se retrouve au parc. C'est bien mieux que d'\u00eatre \u00e0 l'int\u00e9rieur. On a un vaste espace pour courir, nous asseoir et discuter. Et, en prime, on peut s\u2019amuser avec les chiens du voisinage. Ce changement-l\u00e0 a \u00e9t\u00e9 relativement facile \u00e0 accepter et on pourrait bien le garder apr\u00e8s le covid. Peut-\u00eatre que les adultes ont raison au final quand ils parlent des bienfaits de l'air frais.\r\n<h3><img src=\"https:\/\/pressbooks.library.torontomu.ca\/migrantlives\/wp-content\/uploads\/sites\/361\/2022\/07\/unnamed-4-300x180.png\" alt=\"A surgical mask sitting on a table.\" width=\"300\" height=\"180\" class=\"alignnone size-medium wp-image-95\" \/>Jeudi 20 janvier<\/h3>\r\nLes masques :\u00a0 Qu'on le d\u00e9teste ou qu'on l'aime, le masque doit \u00eatre port\u00e9 \u00e0 l'\u00e9cole.\u00a0 C'est LE plus grand changement que j'ai d\u00fb accepter. Honn\u00eatement, alors que je d\u00e9testais me couvrir le visage au d\u00e9but de l'ann\u00e9e scolaire, je me sens maintenant beaucoup plus en s\u00e9curit\u00e9 avec lui. Le masque me donne un \u00e9trange sentiment de s\u00e9curit\u00e9. J'ai aussi l'impression de prendre soin de ma famille en m'engageant \u00e0 le porter. On ne contr\u00f4le pas grand-chose durant cette folle p\u00e9riode de covid. Et je vois que c\u2019est pareil pour les adultes. Alors porter un masque est un petit acte de ma\u00eetrise de soi qui me pla\u00eet bien d\u2019appliquer.\r\n\r\nRubrique pour le journal photo\r\n\r\n&nbsp;\r\n<div align=\"left\">\r\n<table>\r\n<tbody>\r\n<tr>\r\n<td><\/td>\r\n<td>\r\n<h2>Niveau 4<\/h2>\r\n<\/td>\r\n<td>\r\n<h2>Niveau 3<\/h2>\r\n<\/td>\r\n<td>\r\n<h2>Niveau 2<\/h2>\r\n<\/td>\r\n<td>\r\n<h2>Niveau 1<\/h2>\r\n<\/td>\r\n<\/tr>\r\n<tr>\r\n<td>Contenu<\/td>\r\n<td>La r\u00e9daction du journal d\u00e9montre une r\u00e9flexion et un soin exceptionnels, elle associe clairement les exp\u00e9riences personnelles de l\u2019\u00e9l\u00e8ve \u00e0 l'objet s\u00e9lectionn\u00e9.<\/td>\r\n<td>La r\u00e9daction du journal d\u00e9montre une r\u00e9flexion et un soin consid\u00e9rables, elle associe clairement les exp\u00e9riences personnelles de l\u2019\u00e9l\u00e8ve \u00e0 l'objet s\u00e9lectionn\u00e9.<\/td>\r\n<td>La r\u00e9daction du journal d\u00e9montre une certaine r\u00e9flexion et un certain soin, elle associe en partie les exp\u00e9riences personnelles de l\u2019\u00e9l\u00e8ve \u00e0 l'objet s\u00e9lectionn\u00e9.<\/td>\r\n<td>La r\u00e9daction du journal est peu r\u00e9fl\u00e9chie et peu soign\u00e9e, elle n\u2019associe pas clairement les exp\u00e9riences personnelles de l\u2019\u00e9l\u00e8ve \u00e0 l'objet s\u00e9lectionn\u00e9.<\/td>\r\n<\/tr>\r\n<tr>\r\n<td>Photos<\/td>\r\n<td>Les photos sont choisies avec soin et reli\u00e9es de mani\u00e8re significative \u00e0 la r\u00e9daction du journal.<\/td>\r\n<td>La plupart des photos sont choisies de mani\u00e8re r\u00e9fl\u00e9chie et reli\u00e9es de mani\u00e8re significative \u00e0 la r\u00e9daction du journal.<\/td>\r\n<td>Certaines photos sont choisies de mani\u00e8re r\u00e9fl\u00e9chie et reli\u00e9es de mani\u00e8re significative \u00e0 la r\u00e9daction du journal.<\/td>\r\n<td>Peu de photos - voire aucune - sont choisies de mani\u00e8re r\u00e9fl\u00e9chie et reli\u00e9es de mani\u00e8re significative \u00e0 la r\u00e9daction du journal.<\/td>\r\n<\/tr>\r\n<tr>\r\n<td>M\u00e9canique<\/td>\r\n<td>L'\u00e9l\u00e8ve applique de fa\u00e7on exceptionnelle les r\u00e8gles d'orthographe et de ponctuation.<\/td>\r\n<td>L\u2019\u00e9l\u00e8ve d\u00e9montre une application consid\u00e9rable des r\u00e8gles d'orthographe et de ponctuation.<\/td>\r\n<td>L\u2019\u00e9l\u00e8ve d\u00e9montre une application acceptable des r\u00e8gles d'orthographe et de ponctuation.<\/td>\r\n<td>L'\u00e9l\u00e8ve fait preuve de peu d\u2019exactitude dans l'application des r\u00e8gles d'orthographe et de ponctuation.<\/td>\r\n<\/tr>\r\n<tr>\r\n<td>Conception visuelle<\/td>\r\n<td>L\u2019effet visuel d\u00e9passe les attentes.<\/td>\r\n<td>L'effet visuel r\u00e9pond aux attentes.<\/td>\r\n<td>L'effet visuel ne r\u00e9pond pas aux attentes.<\/td>\r\n<td>L'effet visuel ne r\u00e9pond pas aux attentes.<\/td>\r\n<\/tr>\r\n<\/tbody>\r\n<\/table>\r\n<\/div>\r\n&nbsp;","rendered":"<h1>Le\u00e7on 6 :\u00a0Journal photo<\/h1>\n<p>La pand\u00e9mie de Covid-19 a affect\u00e9 notre capacit\u00e9 \u00e0 voyager, \u00e0 travailler dans un bureau et \u00e0 assister en personne aux cours. Les mesures de confinement ont \u00e9t\u00e9 lev\u00e9es, pour \u00eatre \u00e0 nouveau r\u00e9tablies.<\/p>\n<p>Nicol\u00f2, un Italien vivant \u00e0 Toronto, s&#8217;est retrouv\u00e9 \u00ab\u00a0coinc\u00e9\u00a0\u00bb au Canada lors du premier confinement li\u00e9 \u00e0 la Covid-19. Il n&#8217;a pas pu rentrer chez lui pour rester aupr\u00e8s de sa famille et de ses amis. Nicol\u00f2 a parl\u00e9 de l\u2019immense solitude ressentie face \u00e0 la contrainte de rester dans sa ville d&#8217;adoption.<\/p>\n<div class=\"textbox shaded\">\n<ul>\n<li>D\u00e9finissez, en vos propres termes, la solitude. D\u00e9crivez un moment o\u00f9 vous avez vous-m\u00eame \u00e9prouv\u00e9 de la solitude.<\/li>\n<li>Quels conseils donneriez-vous \u00e0 une personne souffrant du mal du pays ?<\/li>\n<\/ul>\n<\/div>\n<p><strong>Journal photo<\/strong><\/p>\n<p>Au cours des deux derni\u00e8res ann\u00e9es, les conseils scolaires, sur les conseils de leur autorit\u00e9 sanitaire locale, ont apport\u00e9 des modifications au fonctionnement quotidien des \u00e9coles. Les cohortes de classe et le port du masque font partie des nouvelles mesures adopt\u00e9es au nom de la s\u00e9curit\u00e9. En outre, de nombreux changements ont \u00e9t\u00e9 apport\u00e9s pour passer de l&#8217;apprentissage en milieu scolaire \u00e0 l&#8217;apprentissage \u00e0 distance. Bien \u00e9videmment ces mesures ont eu un impact consid\u00e9rable sur le quotidien et l\u2019\u00e9tat d\u2019esprit des \u00e9tudiants.<\/p>\n<p>L&#8217;objectif de ce travail est de partager votre point de vue sur la pand\u00e9mie de Covid-19 et sur la fa\u00e7on dont elle affecte votre sant\u00e9 ainsi que votre bien-\u00eatre mental et \u00e9motionnel. Nicol\u00f2 et son \u00e9quipe du restaurant Eataly ont assum\u00e9 diff\u00e9rents emplois et t\u00e2ches pour assurer la survie de l&#8217;entreprise. Par exemple, les cuisiniers \u00e0 la cha\u00eene ont d\u00fb sortir des cuisines pour s\u2019occuper de la paperasse dans le bureau. Il s&#8217;agissait d&#8217;un pivot n\u00e9cessaire pour assurer le succ\u00e8s continu et la survie future de l&#8217;entreprise.<\/p>\n<p>Votre t\u00e2che consiste \u00e0 capturer des moments qui d\u00e9finissent ce que vous ressentez. Photographiez des objets, des personnes, tout \u00e9l\u00e9ment qui capture votre \u00e9tat d\u2019\u00eatre et d\u2019esprit.\u00a0 Ces images peuvent \u00eatre prises \u00e0 l&#8217;\u00e9cole, chez vous et au sein de votre communaut\u00e9 locale. Chaque photo s\u2019accompagnera d\u2019une br\u00e8ve explication de la raison pour laquelle cet objet ou cette personne est significatif ou li\u00e9 d&#8217;une mani\u00e8re ou d&#8217;une autre \u00e0 votre bien-\u00eatre mental et \u00e9motionnel. En bref, c&#8217;est l&#8217;occasion de mieux comprendre comment votre routine s&#8217;est adapt\u00e9e ou a chang\u00e9 pendant la pand\u00e9mie. Un minimum de sept photos (une pour chaque jour de la semaine) est requis.<\/p>\n<p>Incluez 2 photos \u00e0 la fin de votre journal photo que, d\u2019apr\u00e8s vous, Nicolo aurait pu avoir prises. Accompagnez-les d\u2019une explication d\u00e9crivant pourquoi vous pensez que ces objets sont significatifs pour lui. \u00a0Un exemple est fourni ci-dessous.<\/p>\n<p>Journal photo<\/p>\n<h3><img loading=\"lazy\" decoding=\"async\" src=\"https:\/\/pressbooks.library.torontomu.ca\/migrantlives\/wp-content\/uploads\/sites\/361\/2022\/07\/unnamed-12-300x194.jpg\" alt=\"An alarm clock sitting on a wooden table.\" width=\"300\" height=\"194\" class=\"alignnone size-medium wp-image-94\" srcset=\"https:\/\/pressbooks.library.torontomu.ca\/migrantlives\/wp-content\/uploads\/sites\/361\/2022\/07\/unnamed-12-300x194.jpg 300w, https:\/\/pressbooks.library.torontomu.ca\/migrantlives\/wp-content\/uploads\/sites\/361\/2022\/07\/unnamed-12-65x42.jpg 65w, https:\/\/pressbooks.library.torontomu.ca\/migrantlives\/wp-content\/uploads\/sites\/361\/2022\/07\/unnamed-12-225x145.jpg 225w, https:\/\/pressbooks.library.torontomu.ca\/migrantlives\/wp-content\/uploads\/sites\/361\/2022\/07\/unnamed-12-350x226.jpg 350w, https:\/\/pressbooks.library.torontomu.ca\/migrantlives\/wp-content\/uploads\/sites\/361\/2022\/07\/unnamed-12.jpg 457w\" sizes=\"auto, (max-width: 300px) 100vw, 300px\" \/>Lundi 17 janvier<\/h3>\n<p>La routine : Je me l\u00e8ve beaucoup plus tard que d&#8217;habitude lors des p\u00e9riodes d&#8217;apprentissage en ligne.\u00a0 Faire la grasse matin\u00e9e, puisque je n&#8217;ai pas besoin de me pr\u00e9parer pour l&#8217;\u00e9cole, est l\u2019un des avantages du passage \u00e0 l\u2019apprentissage en ligne. Je peux \u00e9galement me coucher beaucoup plus tard que d&#8217;habitude. J&#8217;ai remarqu\u00e9 que je suis plus grincheux depuis que mes habitudes ont chang\u00e9.\u00a0 Mais ne le dites pas \u00e0 ma m\u00e8re.<\/p>\n<h3><img loading=\"lazy\" decoding=\"async\" src=\"https:\/\/pressbooks.library.torontomu.ca\/migrantlives\/wp-content\/uploads\/sites\/361\/2022\/07\/unnamed-13-300x179.jpg\" alt=\"A couch with a person lying on it with a blanket over their head.\" width=\"300\" height=\"179\" class=\"alignnone size-medium wp-image-97\" srcset=\"https:\/\/pressbooks.library.torontomu.ca\/migrantlives\/wp-content\/uploads\/sites\/361\/2022\/07\/unnamed-13-300x179.jpg 300w, https:\/\/pressbooks.library.torontomu.ca\/migrantlives\/wp-content\/uploads\/sites\/361\/2022\/07\/unnamed-13-65x39.jpg 65w, https:\/\/pressbooks.library.torontomu.ca\/migrantlives\/wp-content\/uploads\/sites\/361\/2022\/07\/unnamed-13-225x134.jpg 225w, https:\/\/pressbooks.library.torontomu.ca\/migrantlives\/wp-content\/uploads\/sites\/361\/2022\/07\/unnamed-13-350x208.jpg 350w, https:\/\/pressbooks.library.torontomu.ca\/migrantlives\/wp-content\/uploads\/sites\/361\/2022\/07\/unnamed-13.jpg 512w\" sizes=\"auto, (max-width: 300px) 100vw, 300px\" \/>Mardi 18 janvier<\/h3>\n<p>Les micro-pauses :\u00a0 Il m\u2019arrive souvent de faire la sieste sur le canap\u00e9 \u00e0 la fin de la journ\u00e9e d&#8217;\u00e9cole. J\u2019ignore si c&#8217;est parce que je suis fatigu\u00e9e de regarder l&#8217;\u00e9cran toute la journ\u00e9e, parce que je suis un peu triste ou parce que j&#8217;ai besoin d&#8217;un temps de pause. Auparavant, je n\u2019avais pas pour habitude de faire la sieste. Mes amis et m\u00eame les professeurs me manquent. Je n&#8217;aurais jamais cru dire \u00e7a un jour ! Ce n\u2019est pas la m\u00eame chose quand on est \u00e0 la maison toute la journ\u00e9e. Les micro-siestes m&#8217;aident \u00e0 refaire le plein d&#8217;\u00e9nergie pour ne pas passer mes soir\u00e9es sur mon t\u00e9l\u00e9phone ou \u00e0 jouer \u00e0 des jeux vid\u00e9o. Je suis d\u00e9finitivement plus irritable sans ma sieste de l&#8217;apr\u00e8s-midi.<\/p>\n<h3><img loading=\"lazy\" decoding=\"async\" src=\"https:\/\/pressbooks.library.torontomu.ca\/migrantlives\/wp-content\/uploads\/sites\/361\/2022\/07\/unnamed-14-300x200.jpg\" alt=\"A city park with a sign.\" width=\"300\" height=\"200\" class=\"alignnone size-medium wp-image-96\" srcset=\"https:\/\/pressbooks.library.torontomu.ca\/migrantlives\/wp-content\/uploads\/sites\/361\/2022\/07\/unnamed-14-300x200.jpg 300w, https:\/\/pressbooks.library.torontomu.ca\/migrantlives\/wp-content\/uploads\/sites\/361\/2022\/07\/unnamed-14-65x43.jpg 65w, https:\/\/pressbooks.library.torontomu.ca\/migrantlives\/wp-content\/uploads\/sites\/361\/2022\/07\/unnamed-14-225x150.jpg 225w, https:\/\/pressbooks.library.torontomu.ca\/migrantlives\/wp-content\/uploads\/sites\/361\/2022\/07\/unnamed-14-350x233.jpg 350w, https:\/\/pressbooks.library.torontomu.ca\/migrantlives\/wp-content\/uploads\/sites\/361\/2022\/07\/unnamed-14.jpg 512w\" sizes=\"auto, (max-width: 300px) 100vw, 300px\" \/>Mercredi 19 janvier<\/h3>\n<p>Le parc : Pour de nombreuses raisons, je ne vais pas chez mes amis. \u00c0 la place, on se retrouve au parc. C&#8217;est bien mieux que d&#8217;\u00eatre \u00e0 l&#8217;int\u00e9rieur. On a un vaste espace pour courir, nous asseoir et discuter. Et, en prime, on peut s\u2019amuser avec les chiens du voisinage. Ce changement-l\u00e0 a \u00e9t\u00e9 relativement facile \u00e0 accepter et on pourrait bien le garder apr\u00e8s le covid. Peut-\u00eatre que les adultes ont raison au final quand ils parlent des bienfaits de l&#8217;air frais.<\/p>\n<h3><img loading=\"lazy\" decoding=\"async\" src=\"https:\/\/pressbooks.library.torontomu.ca\/migrantlives\/wp-content\/uploads\/sites\/361\/2022\/07\/unnamed-4-300x180.png\" alt=\"A surgical mask sitting on a table.\" width=\"300\" height=\"180\" class=\"alignnone size-medium wp-image-95\" srcset=\"https:\/\/pressbooks.library.torontomu.ca\/migrantlives\/wp-content\/uploads\/sites\/361\/2022\/07\/unnamed-4-300x180.png 300w, https:\/\/pressbooks.library.torontomu.ca\/migrantlives\/wp-content\/uploads\/sites\/361\/2022\/07\/unnamed-4-65x39.png 65w, https:\/\/pressbooks.library.torontomu.ca\/migrantlives\/wp-content\/uploads\/sites\/361\/2022\/07\/unnamed-4-225x135.png 225w, https:\/\/pressbooks.library.torontomu.ca\/migrantlives\/wp-content\/uploads\/sites\/361\/2022\/07\/unnamed-4-350x210.png 350w, https:\/\/pressbooks.library.torontomu.ca\/migrantlives\/wp-content\/uploads\/sites\/361\/2022\/07\/unnamed-4.png 512w\" sizes=\"auto, (max-width: 300px) 100vw, 300px\" \/>Jeudi 20 janvier<\/h3>\n<p>Les masques :\u00a0 Qu&#8217;on le d\u00e9teste ou qu&#8217;on l&#8217;aime, le masque doit \u00eatre port\u00e9 \u00e0 l&#8217;\u00e9cole.\u00a0 C&#8217;est LE plus grand changement que j&#8217;ai d\u00fb accepter. Honn\u00eatement, alors que je d\u00e9testais me couvrir le visage au d\u00e9but de l&#8217;ann\u00e9e scolaire, je me sens maintenant beaucoup plus en s\u00e9curit\u00e9 avec lui. Le masque me donne un \u00e9trange sentiment de s\u00e9curit\u00e9. J&#8217;ai aussi l&#8217;impression de prendre soin de ma famille en m&#8217;engageant \u00e0 le porter. On ne contr\u00f4le pas grand-chose durant cette folle p\u00e9riode de covid. Et je vois que c\u2019est pareil pour les adultes. Alors porter un masque est un petit acte de ma\u00eetrise de soi qui me pla\u00eet bien d\u2019appliquer.<\/p>\n<p>Rubrique pour le journal photo<\/p>\n<p>&nbsp;<\/p>\n<div style=\"text-align: left;\">\n<table>\n<tbody>\n<tr>\n<td><\/td>\n<td>\n<h2>Niveau 4<\/h2>\n<\/td>\n<td>\n<h2>Niveau 3<\/h2>\n<\/td>\n<td>\n<h2>Niveau 2<\/h2>\n<\/td>\n<td>\n<h2>Niveau 1<\/h2>\n<\/td>\n<\/tr>\n<tr>\n<td>Contenu<\/td>\n<td>La r\u00e9daction du journal d\u00e9montre une r\u00e9flexion et un soin exceptionnels, elle associe clairement les exp\u00e9riences personnelles de l\u2019\u00e9l\u00e8ve \u00e0 l&#8217;objet s\u00e9lectionn\u00e9.<\/td>\n<td>La r\u00e9daction du journal d\u00e9montre une r\u00e9flexion et un soin consid\u00e9rables, elle associe clairement les exp\u00e9riences personnelles de l\u2019\u00e9l\u00e8ve \u00e0 l&#8217;objet s\u00e9lectionn\u00e9.<\/td>\n<td>La r\u00e9daction du journal d\u00e9montre une certaine r\u00e9flexion et un certain soin, elle associe en partie les exp\u00e9riences personnelles de l\u2019\u00e9l\u00e8ve \u00e0 l&#8217;objet s\u00e9lectionn\u00e9.<\/td>\n<td>La r\u00e9daction du journal est peu r\u00e9fl\u00e9chie et peu soign\u00e9e, elle n\u2019associe pas clairement les exp\u00e9riences personnelles de l\u2019\u00e9l\u00e8ve \u00e0 l&#8217;objet s\u00e9lectionn\u00e9.<\/td>\n<\/tr>\n<tr>\n<td>Photos<\/td>\n<td>Les photos sont choisies avec soin et reli\u00e9es de mani\u00e8re significative \u00e0 la r\u00e9daction du journal.<\/td>\n<td>La plupart des photos sont choisies de mani\u00e8re r\u00e9fl\u00e9chie et reli\u00e9es de mani\u00e8re significative \u00e0 la r\u00e9daction du journal.<\/td>\n<td>Certaines photos sont choisies de mani\u00e8re r\u00e9fl\u00e9chie et reli\u00e9es de mani\u00e8re significative \u00e0 la r\u00e9daction du journal.<\/td>\n<td>Peu de photos &#8211; voire aucune &#8211; sont choisies de mani\u00e8re r\u00e9fl\u00e9chie et reli\u00e9es de mani\u00e8re significative \u00e0 la r\u00e9daction du journal.<\/td>\n<\/tr>\n<tr>\n<td>M\u00e9canique<\/td>\n<td>L&#8217;\u00e9l\u00e8ve applique de fa\u00e7on exceptionnelle les r\u00e8gles d&#8217;orthographe et de ponctuation.<\/td>\n<td>L\u2019\u00e9l\u00e8ve d\u00e9montre une application consid\u00e9rable des r\u00e8gles d&#8217;orthographe et de ponctuation.<\/td>\n<td>L\u2019\u00e9l\u00e8ve d\u00e9montre une application acceptable des r\u00e8gles d&#8217;orthographe et de ponctuation.<\/td>\n<td>L&#8217;\u00e9l\u00e8ve fait preuve de peu d\u2019exactitude dans l&#8217;application des r\u00e8gles d&#8217;orthographe et de ponctuation.<\/td>\n<\/tr>\n<tr>\n<td>Conception visuelle<\/td>\n<td>L\u2019effet visuel d\u00e9passe les attentes.<\/td>\n<td>L&#8217;effet visuel r\u00e9pond aux attentes.<\/td>\n<td>L&#8217;effet visuel ne r\u00e9pond pas aux attentes.<\/td>\n<td>L&#8217;effet visuel ne r\u00e9pond pas aux attentes.<\/td>\n<\/tr>\n<\/tbody>\n<\/table>\n<\/div>\n<p>&nbsp;<\/p>\n","protected":false},"author":178,"menu_order":6,"template":"","meta":{"pb_show_title":"on","pb_short_title":"","pb_subtitle":"","pb_authors":[],"pb_section_license":""},"chapter-type":[],"contributor":[],"license":[],"class_list":["post-205","chapter","type-chapter","status-publish","hentry"],"part":170,"_links":{"self":[{"href":"https:\/\/pressbooks.library.torontomu.ca\/migrantlives\/wp-json\/pressbooks\/v2\/chapters\/205","targetHints":{"allow":["GET"]}}],"collection":[{"href":"https:\/\/pressbooks.library.torontomu.ca\/migrantlives\/wp-json\/pressbooks\/v2\/chapters"}],"about":[{"href":"https:\/\/pressbooks.library.torontomu.ca\/migrantlives\/wp-json\/wp\/v2\/types\/chapter"}],"author":[{"embeddable":true,"href":"https:\/\/pressbooks.library.torontomu.ca\/migrantlives\/wp-json\/wp\/v2\/users\/178"}],"version-history":[{"count":1,"href":"https:\/\/pressbooks.library.torontomu.ca\/migrantlives\/wp-json\/pressbooks\/v2\/chapters\/205\/revisions"}],"predecessor-version":[{"id":206,"href":"https:\/\/pressbooks.library.torontomu.ca\/migrantlives\/wp-json\/pressbooks\/v2\/chapters\/205\/revisions\/206"}],"part":[{"href":"https:\/\/pressbooks.library.torontomu.ca\/migrantlives\/wp-json\/pressbooks\/v2\/parts\/170"}],"metadata":[{"href":"https:\/\/pressbooks.library.torontomu.ca\/migrantlives\/wp-json\/pressbooks\/v2\/chapters\/205\/metadata\/"}],"wp:attachment":[{"href":"https:\/\/pressbooks.library.torontomu.ca\/migrantlives\/wp-json\/wp\/v2\/media?parent=205"}],"wp:term":[{"taxonomy":"chapter-type","embeddable":true,"href":"https:\/\/pressbooks.library.torontomu.ca\/migrantlives\/wp-json\/pressbooks\/v2\/chapter-type?post=205"},{"taxonomy":"contributor","embeddable":true,"href":"https:\/\/pressbooks.library.torontomu.ca\/migrantlives\/wp-json\/wp\/v2\/contributor?post=205"},{"taxonomy":"license","embeddable":true,"href":"https:\/\/pressbooks.library.torontomu.ca\/migrantlives\/wp-json\/wp\/v2\/license?post=205"}],"curies":[{"name":"wp","href":"https:\/\/api.w.org\/{rel}","templated":true}]}}